{"id":8025,"date":"2022-07-14T17:02:40","date_gmt":"2022-07-14T17:02:40","guid":{"rendered":"https:\/\/www.augenaerzte-wetzikon.ch\/augenarzt\/?post_type=useful-information&#038;p=8025"},"modified":"2022-08-25T17:13:56","modified_gmt":"2022-08-25T17:13:56","slug":"stoerungen-und-veraenderungen-der-pupillen","status":"publish","type":"useful-information","link":"https:\/\/www.augenaerzte-wetzikon.ch\/augenarzt\/stoerungen-und-veraenderungen-der-pupillen\/","title":{"rendered":"St\u00f6rungen und Ver\u00e4nderungen der Pupillen"},"content":{"rendered":"<div itemscope itemtype=\"http:\/\/schema.org\/Article\" class=\"header-small-block container1200 mb120 mt120\"><div class=\"container\" > <div class=\"content\" > <div class=\"header-small-block-wrap\" > <div class=\"header-small-block__content\" > <h1 itemprop=\"name\" class=\"header-small-block__name semiBold h3\" > <span class=\"header-small-block__title h3\" > St\u00f6rungen und Ver\u00e4nderungen<\/span><br>der Pupillen<\/h1 > <p class=\"header-small-block__subtitle mt16\" > <\/p > <\/div > <div class=\"header-small-block__image\" > <img loading=\"lazy\" decoding=\"async\" width=\"730\" height=\"410\" src=\"https:\/\/www.augenaerzte-wetzikon.ch\/augenarzt\/app\/uploads\/2022\/08\/braunes_Auge.jpg\" class=\"img__small__header\" alt=\"\" srcset=\"https:\/\/www.augenaerzte-wetzikon.ch\/augenarzt\/app\/uploads\/2022\/08\/braunes_Auge.jpg 730w, https:\/\/www.augenaerzte-wetzikon.ch\/augenarzt\/app\/uploads\/2022\/08\/braunes_Auge-300x168.jpg 300w\" sizes=\"auto, (max-width: 730px) 100vw, 730px\" \/><\/div > <\/div > <\/div > <\/div > <\/div > \n\n<div class=\"title-content-block container1364 mb120 mt48\"><div class=\"container\"><div class=\"content\"><div class=\"mt24 mb24 max830 preloaded__content fade\"><h2>Was sind Pupillenst\u00f6rungen?<\/h2>\n<\/div><div class=\"mt24 mb24 max830 preloaded__content fade\"><p>Es gibt verschiedene Gr\u00fcnde f\u00fcr Pupillenst\u00f6rungen. Augenkrankheiten, aber auch Umwelteinfl\u00fcsse k\u00f6nnen Ursachen f\u00fcr Ver\u00e4nderungen der Pupillen sein. Die Pupille reguliert die Lichtaufnahme und Projektion auf die Netzhaut. Ist es sehr hell, so verengt sich die Pupille und umgekehrt weitet sie sich bei Dunkelheit, damit mehr Licht einfallen kann. Auch Stresssituationen f\u00fchren bei gesunden Pupillen zur Erweiterung. Die Pupillen beider Augen sind im Normalfall gleich weit. Sie bilden die \u00d6ffnung der Regenbogenhaut (Iris). Wenn diese effiziente Regulation der Lichtaufnahme nicht mehr richtig funktioniert, spricht man von einer Pupillenst\u00f6rung. Die Sehsch\u00e4rfe ist dabei betroffen und eine Abkl\u00e4rung beim Augenarzt unabdingbar.<\/p>\n<\/div><div class=\"mt24 mb24 max830 preloaded__content fade\"><h2>Horner-Syndrom<\/h2>\n<\/div><div class=\"mt24 mb24 max830 preloaded__content fade\"><p>Beim Horner-Syndrom ist eine H\u00e4lfte des Gesichts betroffen. Es ist dadurch erkennbar, dass ein Augenlid schlaff hinabh\u00e4ngt (Ptosis) und die Pupille verengt ist (Miosis), was die Sehkraft jedoch oft nicht beeintr\u00e4chtigt. Das Horner-Syndrom entsteht durch die Sch\u00e4digung in den Nervenfasern, welche die Verbindung von Augen und Gehirn bilden. Die Symptome zeigen sich dabei auf der Seite, auf welcher die Nervenleitung unterbrochen wurde. Das Horner-Syndrom kann alleine, aber auch als Folge von anderen Erkrankungen auftreten, wie beispielsweise Lungenkrebs, Entz\u00fcndungen, Durchblutungsst\u00f6rungen oder wegen geschwollenen Halslymphknoten. Die Anf\u00e4lligkeit f\u00fcr das Horner-Syndrom ist unabh\u00e4ngig vom Alter. Ebenfalls kommt es vor, dass diese Pupillenst\u00f6rung angeboren ist. Bei Kindern, die mit dieser Erkrankung zur Welt kommen, bleibt die Iris des betroffenen Auges w\u00e4hrend des gesamten Lebens blaugrau.<\/p>\n<\/div><div class=\"mt24 mb24 max830 preloaded__content fade\"><p>Bei der Untersuchung wird mittels arzneimittelhaltigen Augentropfen kontrolliert, ob sich die Pupille erweitert. Im Fall eines Horner-Syndroms bleibt sie verengt. Zus\u00e4tzlich, bzw. bei Vermutung auf ein Horner-Syndrom, wird abgekl\u00e4rt, ob sich im K\u00f6rper Tumore befinden, welche die Nervenfasern zwischen Augen und Gehirn unterbrechen. Es gibt keine spezifische Behandlung und oftmals ist eine Therapie beim Horner-Syndrom nicht n\u00f6tig, da das Herabh\u00e4ngen des Augenlids nur minimal ist und somit der kosmetische Faktor ausschliessbar und das Sehverm\u00f6gen unbeeinflusst ist.<\/p>\n<\/div><div class=\"mt24 mb24 max830 preloaded__content fade\"><h2>Pupillenstarre<\/h2>\n<\/div><div class=\"mt24 mb24 max830 preloaded__content fade\"><p>Bei der Pupillenstarre reagiert die Pupille nicht auf Lichtver\u00e4nderungen, weil die Pupillenmuskulatur gest\u00f6rt ist. Man unterscheidet dabei drei Formen:<\/p>\n<\/div><div class=\"mt24 mb24 max830\"><ul><li class=\"mb24\">Absolute Pupillenstarre<p>Das Gehirn leitet Lichtreize zu den Augenmuskeln weiter. Ist diese Weiterleitung unterbrochen, bleibt die betroffene Pupille geweitet und zeigt keinerlei Reaktion. Die Sehkraft bleibt aber bei beiden Augen gleich und die Reaktion auf pharmakologische Reize bleibt meist erhalten. Ursachen f\u00fcr eine absolute Pupillenstarre sind u.a. Tumore, Aneurysmen oder Entz\u00fcndungen.<\/p><\/li><li class=\"mb24\">Amaurotische Pupillenstarre<p>Bei dieser Form sind die Pupillen gleich weit gestellt, jedoch ist das betroffene Auge erblindet. Deckt man das gesunde Auge ab, weitet sich die kranke Pupille, d.h. die indirekte Pupillenreaktion bleibt erhalten (die kranke Pupille passt sich der Gesunden an). Bei der amaurotischen Pupillenstarre handelt es sich um eine St\u00f6rung der Sehnervfasern, doch pharmakologisch kann die Pupille noch gereizt werden.<\/p><\/li><li class=\"mb24\">Reflektorische Pupillenstarre<p>Sie tritt meistens beidseitig auf und die Pupillen sind immer enggestellt, auch im Dunkeln. Die direkte (Reaktion am beleuchteten Auge) und indirekte (Reaktion am Partnerauge) Lichtreaktion sind beide nicht mehr vorhanden. Auch medikament\u00f6s kann die Pupillenerweiterung kaum mehr erreicht werden. Diese Pupillenst\u00f6rung tritt meist gemeinsam mit Infektionskrankheiten wie Syphilis auf. Auch Zeckenbisse (Borreliose) oder Multiple Sklerose k\u00f6nnen Ursachen f\u00fcr eine reflektorische Pupillenstarre sein.<\/p><\/li><li class=\"mb24\">Gifte, Medikamente und Drogen<p><\/p><\/li><\/ul><\/div><div class=\"mt24 mb24 max830 preloaded__content fade\"><p>Wenn gewisse Substanzen \u00fcber die Blutbahn sich im gesamten K\u00f6rper verteilen, wirken sie gleichermassen auf beide Pupillen. Hierbei handelt es sich nicht um Pupillenst\u00f6rungen, sondern um substantiell herbeigef\u00fchrte Pupillenver\u00e4nderungen. Pupillenverengungen entstehen z.B. durch die Einnahme von Opiaten wie Morphin. Im Gegensatz hierzu f\u00fchren Stoffe wie Kokain, Ritalin, Fliegenpilzgifte oder Halluzinogene zu einer Pupillenerweiterung.<\/p>\n<\/div><div class=\"mt24 mb24 max830 preloaded__content fade\"><h2>Fazit<\/h2>\n<\/div><div class=\"mt24 mb24 max830 preloaded__content fade\"><p>Pupillenst\u00f6rungen k\u00f6nnen unterschiedlichste Ursachen haben, wobei oftmals andere Erkrankungen mitbeteiligt sind. Bei Auff\u00e4lligkeiten bez\u00fcglich der Pupillenweite und insbesondere bei ungleichen Pupillenweiten zwischen den beiden Augen sollte eine Untersuchung beim Augenarzt erfolgen. Z\u00f6gern Sie nicht, einen Termin mit uns im Augen\u00e4rzte Zentrum Wetzikon zu vereinbaren!<\/p>\n<\/div><\/div><\/div><\/div>\n\n<div class=\"related-post-block mb120 mt120\"><div class=\"container\"><div class=\"content\"><div class=\"related-post-block-wrap\"><div class=\"related-post-block__title mb120 max1050\"><h3>Das k\u00f6nnte Sie auch noch interessieren<\/h3><\/div><div class=\"related-post-block__list\"><div class=\"card-element useful-information-card \"><a href=\"https:\/\/www.augenaerzte-wetzikon.ch\/augenarzt\/wissenswertes\/was-tieraugen-koennen-und-was-unser-auge-besonders-macht\/\" class=\"wrapper-link\"><div class=\"card-element-wrap useful-information-card-wrap\"><div class=\"card-element-wrap__image useful-information-card-wrap__image\"><img loading=\"lazy\" decoding=\"async\" width=\"930\" height=\"620\" src=\"https:\/\/www.augenaerzte-wetzikon.ch\/augenarzt\/app\/uploads\/2026\/05\/Tieraugen_Titelbild-scaled-e1779378843736.webp\" class=\"img__card-element wp-post-image\" alt=\"\" \/><\/div><div class=\"card-element-wrap__content useful-information-card-wrap__content\"><div class=\"card-element-wrap__inner useful-information-card-wrap__inner\"><h5 class=\"card-element-wrap__content-title useful-information-card-wrap__content-title semiBold\">Was Tieraugen k\u00f6nnen \u2013 und was unser Auge besonders macht<\/h5><p class=\"useful-information-card-wrap__content-excerpt mt8\">Warum sehen Hunde anders als Menschen? Weshalb leuchten Katzenaugen im Dunkeln? Entdecken Sie spannende Fakten \u00fcber Tieraugen und das menschliche Sehen.\r\n<\/p><div class=\"button-wrap mt16\"><span class=\"button fill icon arrow\">Zum Artikel<\/span><\/div><\/div><\/div><\/div><\/a><\/div><div class=\"card-element useful-information-card \"><a href=\"https:\/\/www.augenaerzte-wetzikon.ch\/augenarzt\/bildschirmarbeit-so-schonen-sie-ihre-augen\/\" class=\"wrapper-link\"><div class=\"card-element-wrap useful-information-card-wrap\"><div class=\"card-element-wrap__image useful-information-card-wrap__image\"><img loading=\"lazy\" decoding=\"async\" width=\"730\" height=\"410\" src=\"https:\/\/www.augenaerzte-wetzikon.ch\/augenarzt\/app\/uploads\/2026\/04\/frau-muede-augen-bildschirm.webp\" class=\"img__card-element wp-post-image\" alt=\"\" srcset=\"https:\/\/www.augenaerzte-wetzikon.ch\/augenarzt\/app\/uploads\/2026\/04\/frau-muede-augen-bildschirm.webp 730w, https:\/\/www.augenaerzte-wetzikon.ch\/augenarzt\/app\/uploads\/2026\/04\/frau-muede-augen-bildschirm-300x168.webp 300w\" sizes=\"auto, (max-width: 730px) 100vw, 730px\" \/><\/div><div class=\"card-element-wrap__content useful-information-card-wrap__content\"><div class=\"card-element-wrap__inner useful-information-card-wrap__inner\"><h5 class=\"card-element-wrap__content-title useful-information-card-wrap__content-title semiBold\">Bildschirmarbeit: So schonen Sie Ihre Augen<\/h5><p class=\"useful-information-card-wrap__content-excerpt mt8\">In diesem Artikel erfahren Sie, wie Sie Beschwerden im Zusammenhang mit ihren Augen und der Bildschirmarbeit vorbeugen k\u00f6nnen. <\/p><div class=\"button-wrap mt16\"><span class=\"button fill icon arrow\">Zum Artikel<\/span><\/div><\/div><\/div><\/div><\/a><\/div><div class=\"card-element useful-information-card \"><a href=\"https:\/\/www.augenaerzte-wetzikon.ch\/augenarzt\/lidrandhygiene\/\" class=\"wrapper-link\"><div class=\"card-element-wrap useful-information-card-wrap\"><div class=\"card-element-wrap__image useful-information-card-wrap__image\"><img loading=\"lazy\" decoding=\"async\" width=\"730\" height=\"410\" src=\"https:\/\/www.augenaerzte-wetzikon.ch\/augenarzt\/app\/uploads\/2026\/02\/nah_auge.jpg\" class=\"img__card-element wp-post-image\" alt=\"\" srcset=\"https:\/\/www.augenaerzte-wetzikon.ch\/augenarzt\/app\/uploads\/2026\/02\/nah_auge.jpg 730w, https:\/\/www.augenaerzte-wetzikon.ch\/augenarzt\/app\/uploads\/2026\/02\/nah_auge-300x168.jpg 300w\" sizes=\"auto, (max-width: 730px) 100vw, 730px\" \/><\/div><div class=\"card-element-wrap__content useful-information-card-wrap__content\"><div class=\"card-element-wrap__inner useful-information-card-wrap__inner\"><h5 class=\"card-element-wrap__content-title useful-information-card-wrap__content-title semiBold\">Unbeschwerte Lider durch Lidrandhygiene<\/h5><p class=\"useful-information-card-wrap__content-excerpt mt8\">Bei der Lidrandpflege werden mit W\u00e4rme, Massage der Augenlider und der anschliessenden Reinigung verstopfte Lidranddr\u00fcsen gereinigt.<\/p><div class=\"button-wrap mt16\"><span class=\"button fill icon arrow\">Zum Artikel<\/span><\/div><\/div><\/div><\/div><\/a><\/div><\/div><\/div><\/div><\/div><\/div>","protected":false},"featured_media":7066,"menu_order":0,"template":"","category_useful_information":[50],"class_list":["post-8025","useful-information","type-useful-information","status-publish","has-post-thumbnail","hentry","category_useful_information-augenerkrankungen"],"acf":{"sidebar_excerpt":"Es gibt verschiedene Gr\u00fcnde f\u00fcr Pupillenst\u00f6rungen. Augenkrankheiten, aber auch Umwelteinfl\u00fcsse k\u00f6nnen Ursachen f\u00fcr Ver\u00e4nderungen der Pupillen sein. Die Pupille reguliert die Lichtaufnahme und Projektion auf die Netzhaut."},"yoast_head":"<!-- This site is optimized with the Yoast SEO plugin v27.9 - https:\/\/yoast.com\/product\/yoast-seo-wordpress\/ -->\n<title>St\u00f6rungen und Ver\u00e4nderungen der Pupillen - Augenarzt Wetzikon<\/title>\n<meta name=\"robots\" content=\"index, follow, max-snippet:-1, max-image-preview:large, max-video-preview:-1\" \/>\n<link rel=\"canonical\" href=\"https:\/\/www.augenaerzte-wetzikon.ch\/augenarzt\/stoerungen-und-veraenderungen-der-pupillen\/\" \/>\n<meta property=\"og:locale\" content=\"de_DE\" \/>\n<meta property=\"og:type\" content=\"article\" \/>\n<meta property=\"og:title\" content=\"St\u00f6rungen und Ver\u00e4nderungen der Pupillen - Augenarzt Wetzikon\" \/>\n<meta property=\"og:url\" content=\"https:\/\/www.augenaerzte-wetzikon.ch\/augenarzt\/stoerungen-und-veraenderungen-der-pupillen\/\" \/>\n<meta property=\"og:site_name\" content=\"Augen\u00e4rzte Wetzikon\" \/>\n<meta property=\"article:modified_time\" content=\"2022-08-25T17:13:56+00:00\" \/>\n<meta property=\"og:image\" content=\"https:\/\/www.augenaerzte-wetzikon.ch\/augenarzt\/app\/uploads\/2022\/08\/braunes_Auge.jpg\" \/>\n\t<meta property=\"og:image:width\" content=\"730\" \/>\n\t<meta property=\"og:image:height\" content=\"410\" \/>\n\t<meta property=\"og:image:type\" content=\"image\/jpeg\" \/>\n<meta name=\"twitter:card\" content=\"summary_large_image\" \/>\n<script type=\"application\/ld+json\" class=\"yoast-schema-graph\">{\"@context\":\"https:\\\/\\\/schema.org\",\"@graph\":[{\"@type\":\"WebPage\",\"@id\":\"https:\\\/\\\/www.augenaerzte-wetzikon.ch\\\/augenarzt\\\/stoerungen-und-veraenderungen-der-pupillen\\\/\",\"url\":\"https:\\\/\\\/www.augenaerzte-wetzikon.ch\\\/augenarzt\\\/stoerungen-und-veraenderungen-der-pupillen\\\/\",\"name\":\"St\u00f6rungen und Ver\u00e4nderungen der Pupillen - Augenarzt Wetzikon\",\"isPartOf\":{\"@id\":\"https:\\\/\\\/www.augenaerzte-wetzikon.ch\\\/augenarzt\\\/#website\"},\"primaryImageOfPage\":{\"@id\":\"https:\\\/\\\/www.augenaerzte-wetzikon.ch\\\/augenarzt\\\/stoerungen-und-veraenderungen-der-pupillen\\\/#primaryimage\"},\"image\":{\"@id\":\"https:\\\/\\\/www.augenaerzte-wetzikon.ch\\\/augenarzt\\\/stoerungen-und-veraenderungen-der-pupillen\\\/#primaryimage\"},\"thumbnailUrl\":\"https:\\\/\\\/www.augenaerzte-wetzikon.ch\\\/augenarzt\\\/app\\\/uploads\\\/2022\\\/08\\\/braunes_Auge.jpg\",\"datePublished\":\"2022-07-14T17:02:40+00:00\",\"dateModified\":\"2022-08-25T17:13:56+00:00\",\"breadcrumb\":{\"@id\":\"https:\\\/\\\/www.augenaerzte-wetzikon.ch\\\/augenarzt\\\/stoerungen-und-veraenderungen-der-pupillen\\\/#breadcrumb\"},\"inLanguage\":\"de-DE\",\"potentialAction\":[{\"@type\":\"ReadAction\",\"target\":[\"https:\\\/\\\/www.augenaerzte-wetzikon.ch\\\/augenarzt\\\/stoerungen-und-veraenderungen-der-pupillen\\\/\"]}]},{\"@type\":\"ImageObject\",\"inLanguage\":\"de-DE\",\"@id\":\"https:\\\/\\\/www.augenaerzte-wetzikon.ch\\\/augenarzt\\\/stoerungen-und-veraenderungen-der-pupillen\\\/#primaryimage\",\"url\":\"https:\\\/\\\/www.augenaerzte-wetzikon.ch\\\/augenarzt\\\/app\\\/uploads\\\/2022\\\/08\\\/braunes_Auge.jpg\",\"contentUrl\":\"https:\\\/\\\/www.augenaerzte-wetzikon.ch\\\/augenarzt\\\/app\\\/uploads\\\/2022\\\/08\\\/braunes_Auge.jpg\",\"width\":730,\"height\":410},{\"@type\":\"BreadcrumbList\",\"@id\":\"https:\\\/\\\/www.augenaerzte-wetzikon.ch\\\/augenarzt\\\/stoerungen-und-veraenderungen-der-pupillen\\\/#breadcrumb\",\"itemListElement\":[{\"@type\":\"ListItem\",\"position\":1,\"name\":\"Home\",\"item\":\"https:\\\/\\\/www.augenaerzte-wetzikon.ch\\\/augenarzt\\\/\"},{\"@type\":\"ListItem\",\"position\":2,\"name\":\"St\u00f6rungen und Ver\u00e4nderungen der Pupillen\"}]},{\"@type\":\"WebSite\",\"@id\":\"https:\\\/\\\/www.augenaerzte-wetzikon.ch\\\/augenarzt\\\/#website\",\"url\":\"https:\\\/\\\/www.augenaerzte-wetzikon.ch\\\/augenarzt\\\/\",\"name\":\"Augen\u00e4rzte Wetzikon\",\"description\":\"\",\"publisher\":{\"@id\":\"https:\\\/\\\/www.augenaerzte-wetzikon.ch\\\/augenarzt\\\/#organization\"},\"potentialAction\":[{\"@type\":\"SearchAction\",\"target\":{\"@type\":\"EntryPoint\",\"urlTemplate\":\"https:\\\/\\\/www.augenaerzte-wetzikon.ch\\\/augenarzt\\\/?s={search_term_string}\"},\"query-input\":{\"@type\":\"PropertyValueSpecification\",\"valueRequired\":true,\"valueName\":\"search_term_string\"}}],\"inLanguage\":\"de-DE\"},{\"@type\":\"Organization\",\"@id\":\"https:\\\/\\\/www.augenaerzte-wetzikon.ch\\\/augenarzt\\\/#organization\",\"name\":\"Augen\u00e4rzte Wetzikon Zentrum Leue\",\"url\":\"https:\\\/\\\/www.augenaerzte-wetzikon.ch\\\/augenarzt\\\/\",\"logo\":{\"@type\":\"ImageObject\",\"inLanguage\":\"de-DE\",\"@id\":\"https:\\\/\\\/www.augenaerzte-wetzikon.ch\\\/augenarzt\\\/#\\\/schema\\\/logo\\\/image\\\/\",\"url\":\"https:\\\/\\\/www.augenaerzte-wetzikon.ch\\\/augenarzt\\\/app\\\/uploads\\\/2022\\\/08\\\/Wetzikon-Leue-pos_RGB.svg\",\"contentUrl\":\"https:\\\/\\\/www.augenaerzte-wetzikon.ch\\\/augenarzt\\\/app\\\/uploads\\\/2022\\\/08\\\/Wetzikon-Leue-pos_RGB.svg\",\"caption\":\"Augen\u00e4rzte Wetzikon Zentrum Leue\"},\"image\":{\"@id\":\"https:\\\/\\\/www.augenaerzte-wetzikon.ch\\\/augenarzt\\\/#\\\/schema\\\/logo\\\/image\\\/\"}}]}<\/script>\n<!-- \/ Yoast SEO plugin. -->","yoast_head_json":{"title":"St\u00f6rungen und Ver\u00e4nderungen der Pupillen - Augenarzt Wetzikon","robots":{"index":"index","follow":"follow","max-snippet":"max-snippet:-1","max-image-preview":"max-image-preview:large","max-video-preview":"max-video-preview:-1"},"canonical":"https:\/\/www.augenaerzte-wetzikon.ch\/augenarzt\/stoerungen-und-veraenderungen-der-pupillen\/","og_locale":"de_DE","og_type":"article","og_title":"St\u00f6rungen und Ver\u00e4nderungen der Pupillen - Augenarzt Wetzikon","og_url":"https:\/\/www.augenaerzte-wetzikon.ch\/augenarzt\/stoerungen-und-veraenderungen-der-pupillen\/","og_site_name":"Augen\u00e4rzte Wetzikon","article_modified_time":"2022-08-25T17:13:56+00:00","og_image":[{"width":730,"height":410,"url":"https:\/\/www.augenaerzte-wetzikon.ch\/augenarzt\/app\/uploads\/2022\/08\/braunes_Auge.jpg","type":"image\/jpeg"}],"twitter_card":"summary_large_image","schema":{"@context":"https:\/\/schema.org","@graph":[{"@type":"WebPage","@id":"https:\/\/www.augenaerzte-wetzikon.ch\/augenarzt\/stoerungen-und-veraenderungen-der-pupillen\/","url":"https:\/\/www.augenaerzte-wetzikon.ch\/augenarzt\/stoerungen-und-veraenderungen-der-pupillen\/","name":"St\u00f6rungen und Ver\u00e4nderungen der Pupillen - Augenarzt Wetzikon","isPartOf":{"@id":"https:\/\/www.augenaerzte-wetzikon.ch\/augenarzt\/#website"},"primaryImageOfPage":{"@id":"https:\/\/www.augenaerzte-wetzikon.ch\/augenarzt\/stoerungen-und-veraenderungen-der-pupillen\/#primaryimage"},"image":{"@id":"https:\/\/www.augenaerzte-wetzikon.ch\/augenarzt\/stoerungen-und-veraenderungen-der-pupillen\/#primaryimage"},"thumbnailUrl":"https:\/\/www.augenaerzte-wetzikon.ch\/augenarzt\/app\/uploads\/2022\/08\/braunes_Auge.jpg","datePublished":"2022-07-14T17:02:40+00:00","dateModified":"2022-08-25T17:13:56+00:00","breadcrumb":{"@id":"https:\/\/www.augenaerzte-wetzikon.ch\/augenarzt\/stoerungen-und-veraenderungen-der-pupillen\/#breadcrumb"},"inLanguage":"de-DE","potentialAction":[{"@type":"ReadAction","target":["https:\/\/www.augenaerzte-wetzikon.ch\/augenarzt\/stoerungen-und-veraenderungen-der-pupillen\/"]}]},{"@type":"ImageObject","inLanguage":"de-DE","@id":"https:\/\/www.augenaerzte-wetzikon.ch\/augenarzt\/stoerungen-und-veraenderungen-der-pupillen\/#primaryimage","url":"https:\/\/www.augenaerzte-wetzikon.ch\/augenarzt\/app\/uploads\/2022\/08\/braunes_Auge.jpg","contentUrl":"https:\/\/www.augenaerzte-wetzikon.ch\/augenarzt\/app\/uploads\/2022\/08\/braunes_Auge.jpg","width":730,"height":410},{"@type":"BreadcrumbList","@id":"https:\/\/www.augenaerzte-wetzikon.ch\/augenarzt\/stoerungen-und-veraenderungen-der-pupillen\/#breadcrumb","itemListElement":[{"@type":"ListItem","position":1,"name":"Home","item":"https:\/\/www.augenaerzte-wetzikon.ch\/augenarzt\/"},{"@type":"ListItem","position":2,"name":"St\u00f6rungen und Ver\u00e4nderungen der Pupillen"}]},{"@type":"WebSite","@id":"https:\/\/www.augenaerzte-wetzikon.ch\/augenarzt\/#website","url":"https:\/\/www.augenaerzte-wetzikon.ch\/augenarzt\/","name":"Augen\u00e4rzte Wetzikon","description":"","publisher":{"@id":"https:\/\/www.augenaerzte-wetzikon.ch\/augenarzt\/#organization"},"potentialAction":[{"@type":"SearchAction","target":{"@type":"EntryPoint","urlTemplate":"https:\/\/www.augenaerzte-wetzikon.ch\/augenarzt\/?s={search_term_string}"},"query-input":{"@type":"PropertyValueSpecification","valueRequired":true,"valueName":"search_term_string"}}],"inLanguage":"de-DE"},{"@type":"Organization","@id":"https:\/\/www.augenaerzte-wetzikon.ch\/augenarzt\/#organization","name":"Augen\u00e4rzte Wetzikon Zentrum Leue","url":"https:\/\/www.augenaerzte-wetzikon.ch\/augenarzt\/","logo":{"@type":"ImageObject","inLanguage":"de-DE","@id":"https:\/\/www.augenaerzte-wetzikon.ch\/augenarzt\/#\/schema\/logo\/image\/","url":"https:\/\/www.augenaerzte-wetzikon.ch\/augenarzt\/app\/uploads\/2022\/08\/Wetzikon-Leue-pos_RGB.svg","contentUrl":"https:\/\/www.augenaerzte-wetzikon.ch\/augenarzt\/app\/uploads\/2022\/08\/Wetzikon-Leue-pos_RGB.svg","caption":"Augen\u00e4rzte Wetzikon Zentrum Leue"},"image":{"@id":"https:\/\/www.augenaerzte-wetzikon.ch\/augenarzt\/#\/schema\/logo\/image\/"}}]}},"_links":{"self":[{"href":"https:\/\/www.augenaerzte-wetzikon.ch\/augenarzt\/wp-json\/wp\/v2\/useful-information\/8025","targetHints":{"allow":["GET"]}}],"collection":[{"href":"https:\/\/www.augenaerzte-wetzikon.ch\/augenarzt\/wp-json\/wp\/v2\/useful-information"}],"about":[{"href":"https:\/\/www.augenaerzte-wetzikon.ch\/augenarzt\/wp-json\/wp\/v2\/types\/useful-information"}],"version-history":[{"count":3,"href":"https:\/\/www.augenaerzte-wetzikon.ch\/augenarzt\/wp-json\/wp\/v2\/useful-information\/8025\/revisions"}],"predecessor-version":[{"id":8028,"href":"https:\/\/www.augenaerzte-wetzikon.ch\/augenarzt\/wp-json\/wp\/v2\/useful-information\/8025\/revisions\/8028"}],"wp:featuredmedia":[{"embeddable":true,"href":"https:\/\/www.augenaerzte-wetzikon.ch\/augenarzt\/wp-json\/wp\/v2\/media\/7066"}],"wp:attachment":[{"href":"https:\/\/www.augenaerzte-wetzikon.ch\/augenarzt\/wp-json\/wp\/v2\/media?parent=8025"}],"wp:term":[{"taxonomy":"category_useful_information","embeddable":true,"href":"https:\/\/www.augenaerzte-wetzikon.ch\/augenarzt\/wp-json\/wp\/v2\/category_useful_information?post=8025"}],"curies":[{"name":"wp","href":"https:\/\/api.w.org\/{rel}","templated":true}]}}