{"id":8017,"date":"2022-08-20T16:54:31","date_gmt":"2022-08-20T16:54:31","guid":{"rendered":"https:\/\/www.augenaerzte-wetzikon.ch\/augenarzt\/?post_type=useful-information&#038;p=8017"},"modified":"2022-08-25T17:14:16","modified_gmt":"2022-08-25T17:14:16","slug":"augenlid-erkrankungen","status":"publish","type":"useful-information","link":"https:\/\/www.augenaerzte-wetzikon.ch\/augenarzt\/augenlid-erkrankungen\/","title":{"rendered":"Augenlid-Erkrankungen"},"content":{"rendered":"<div itemscope itemtype=\"http:\/\/schema.org\/Article\" class=\"header-small-block container1200 mb120 mt120\"><div class=\"container\" > <div class=\"content\" > <div class=\"header-small-block-wrap\" > <div class=\"header-small-block__content\" > <h1 itemprop=\"name\" class=\"header-small-block__name semiBold h3\" > <span class=\"header-small-block__title h3\" > <\/span><br>Augenlid-Erkrankungen<\/h1 > <p class=\"header-small-block__subtitle mt16\" > <\/p > <\/div > <div class=\"header-small-block__image\" > <img loading=\"lazy\" decoding=\"async\" width=\"730\" height=\"410\" src=\"https:\/\/www.augenaerzte-wetzikon.ch\/augenarzt\/app\/uploads\/2022\/08\/lid-entzu\u0308ndung.jpg\" class=\"img__small__header\" alt=\"\" srcset=\"https:\/\/www.augenaerzte-wetzikon.ch\/augenarzt\/app\/uploads\/2022\/08\/lid-entzu\u0308ndung.jpg 730w, https:\/\/www.augenaerzte-wetzikon.ch\/augenarzt\/app\/uploads\/2022\/08\/lid-entzu\u0308ndung-300x168.jpg 300w\" sizes=\"auto, (max-width: 730px) 100vw, 730px\" \/><\/div > <\/div > <\/div > <\/div > <\/div > \n\n<div class=\"title-content-block container1364 mb120 mt48\"><div class=\"container\"><div class=\"content\"><div class=\"mt24 mb24 max830 preloaded__content fade\"><h2>Was geh\u00f6rt alles zum Augenlid?<\/h2>\n<\/div><div class=\"mt24 mb24 max830 preloaded__content fade\"><p>Als Augenlid \u2013 oder auch Palpebra \u2013 bezeichnet man jene Hautfalte, die zum Schutz des Auges vor \u00e4usseren Einfl\u00fcssen beitr\u00e4gt, indem sie die Augen\u00f6ffnung verschliesst. Um eine bestm\u00f6glich Abdichtung zu erreichen, besitzt der Mensch zwei Augenlider: Ein oberes und ein unteres Augenlid. Diese sind jeweils in den Augenwinkeln miteinander verbunden und bilden so einen zirkul\u00e4ren Schutzwall um die Vorderfl\u00e4che des Augapfels. Die Lidspalte stellt die \u00d6ffnung zwischen dem oberen und dem unteren Augenlid dar. Der Schutz der durch diese Anordnung gew\u00e4hrleistet wird, besteht dabei sowohl aus einer Minimierung jeglicher physischer Einwirkung direkt auf das Auge (Partikel, Gegenst\u00e4nde, etc.) durch reflektorischen Lidschluss \u2013 die Augenlider fungieren aber auch als Blendschutz vor \u00fcberm\u00e4ssigem Lichteinfall. Ausserdem hilft es zur Abdunkelung beim Schlafen und es sch\u00fctzt die Hornhaut (Cornea) vor Austrocknung, da mit jedem Lidschlag Tr\u00e4nenfl\u00fcssigkeit regelm\u00e4ssig auf dem Auge verteilt wird.<\/p>\n<\/div><div class=\"mt24 mb24 max830 preloaded__content fade\"><p>Die Augenlider sind je nach Bestandteil aus unterschiedlichen Geweben aufgebaut: Die dem Auge zugewandte Seite (die Innenseite) \u2013 ist mit vielen Becherzellen und dergleichen ausger\u00fcstet und bildet somit eine Art Schleimhaut \u2013 das Konjunktiva-Epithel. Die Aussenseite hingegen ist charakterisiert durch ein verhorntes Epithel \u2013 das heisst in diesem Fall durch Haut. Diese beiden Komponenten allein w\u00e4ren jedoch noch keine geeignete Schutzvorrichtung, da sie sich ganz und gar unwillk\u00fcrlich verhalten w\u00fcrden. Um eine motorische Steuerung zu erm\u00f6glichen, befinden sich im Innern der Augenlider deswegen kleine Muskeln, Nerven und Gef\u00e4sse.<\/p>\n<\/div><div class=\"mt24 mb24 max830 preloaded__content fade\"><p>Der Lidrand \u2013 am \u00dcbergang zwischen der Innen- und der Aussenfl\u00e4che des Lids \u2013 wird durch die Wimpern ges\u00e4umt. Diese sind mit entsprechenden Talgdr\u00fcsen assoziiert (Moll- und Zeis-Dr\u00fcsen), welche sich mitunter entz\u00fcnden und beispielsweise zu einem Gerstenkorn (Hordeolum) f\u00fchren k\u00f6nnen.<\/p>\n<\/div><div class=\"mt24 mb24 max830 preloaded__content fade\"><h2>Was gibt es f\u00fcr Augenlid-Erkrankungen?<\/h2>\n<\/div><div class=\"mt24 mb24 max830 preloaded__content fade\"><p>Aufgrund der zahlreichen Best\u00fcckung des Gewebes mit Dr\u00fcsen verschiedenster Art, k\u00f6nnen vor allem Entz\u00fcndungen dergleichen zu manchen der h\u00e4ufigsten Krankheitsbilder f\u00fchren. Die wichtigsten sind hier ein wenig detaillierter aufgef\u00fchrt:<\/p>\n<\/div><div class=\"mt24 mb24 max830\"><ul><li class=\"mb24\">Hordeolum (Gerstenkorn)<p>Ein Gerstenkorn entsteht durch die Verstopfung bestimmter Dr\u00fcsen im Augenlid. Es werden dabei eine interne (Innenseite des Augenlids) und eine externe (Aussenseite des Augenlids) Variante unterschieden. Beim Hordeolum externum sind die sogenannten Moll- oder Zeis-Dr\u00fcsen betroffen. Es handelt sich dabei um Schweiss- beziehungsweise Talgdr\u00fcsen. Das durch sie produzierte Sekret erlaubt ein geschmeidiges \u00dcbereinandergleiten der sich dort befindlichen Strukturen (Augenlid und Cornea) und legt sich als Schutzfilm \u00fcber die Hornhaut, was einer Austrocknung entgegenwirkt. Bei einem Hordeolum internum handelt es sich bei der betroffenen Dr\u00fcsenart um Meibom-Dr\u00fcsen \u2013 ebenfalls Talgdr\u00fcsen. Die Ursache f\u00fcr die Entz\u00fcndung ist hierbei aber \u2013 im Gegensatz zu einem Hordeolum externum \u2013 bakterieller Natur. Oft sind die Erreger Staphylokokken oder Streptokokken. Das Augenlid schwillt dabei stark an und wird dadurch ektropiert (nach aussen gekippt). Das Unterlid ist dabei \u00f6fter betroffen und diese Form ist ausserdem h\u00e4ufig mit Schmerzen verbunden.<\/p><\/li><li class=\"mb24\">Chalazion (Hagelkorn)<p>Auch bei dem h\u00e4ufig vorkommenden Hagelkorn handelt es sich um eine Verstopfung mit nachfolgender Entz\u00fcndung von einzelnen Dr\u00fcsen (Zeis- oder Meibom-Dr\u00fcsen). Oft folgt ein Chalazion auf der Grundlage eines vorangehenden Hordeolums und \u00e4ussert sich durch eine Auftreibung des Lidrandes. Als Folge des gest\u00f6rten Sekretabflusses kommt es dann zu einer granulomat\u00f6sen Entz\u00fcndung. Die Schwellung befindet sich meist unten, ist aber kaum druckdolent und selten schmerzhaft.<\/p><\/li><li class=\"mb24\">Ablepharie<p>Unter eine Ablepharie versteht man das teilweise oder vollst\u00e4ndige Fehlen des Augenlids. Dieser Zustand kann kongenital (angeboren) oder erworben sein. Als Ursache von Letzterem kommen Tumoren in der Augenregion oder aber auch Traumen wie mechanische Einfl\u00fcsse, Verletzungen, Ver\u00e4tzungen oder Verbrennungen und dergleichen in Frage.<\/p><\/li><li class=\"mb24\">Fazialis-L\u00e4hmung<p>Eine weitere St\u00f6rung der Augenlider mit gravierenden Folgen vor allem f\u00fcr die Hornhaut (Cornea), ist eine sogenannte Fazialisl\u00e4hmung. Darunter versteht man einen Defekt des Nervus facialis, welcher als siebter Hirnnerv vor allem die Innervation der mimischen Muskulatur zur Aufgabe hat \u2013 und dazu geh\u00f6ren unter anderem die Augenlider. Bei einer Parese (L\u00e4hmung) der Muskulatur des Augenlids kann ein Schliessen der Augen nicht mehr vollst\u00e4ndig bewerkstelligt werden und es bleibt stets eine offene Lidspalte bestehen. Dies kann zu einer Austrocknung der Hornhaut und somit schwerwiegender Sch\u00e4digung dergleichen f\u00fchren.<\/p><\/li><\/ul><\/div><div class=\"mt24 mb24 max830 preloaded__content fade\"><p>Bei einem geschwollenen, stark ger\u00f6teten oder schmerzenden Augenlid kann Ihnen ein Spezialist mit einer Diagnose und einer ad\u00e4quaten Behandlung meist weiterhelfen. Eine einfache R\u00f6tung oder Schwellung bildet sich zwar oftmals mit der Zeit spontan selbst zur\u00fcck, sollte sie jedoch persistieren \u2013 und insbesondere wenn Sie unter damit verbundenen Schmerzen leiden \u2013 ist eine Konsultation bei Ihrem Augenarzt, um m\u00f6gliche Ursachen abzukl\u00e4ren, jedoch empfehlenswert. Gerade eine bakterielle Ursache sollte nach M\u00f6glichkeit m\u00f6glichst fr\u00fchzeitig erkannt und therapiert werden. Bei Unsicherheit, weiteren Fragen oder falls Sie unter den hier beschriebenen Symptomen leiden sollten, stehen Ihnen die Augen\u00e4rzte der Augentagesklinik Wetzikon gerne zur Verf\u00fcgung.<\/p>\n<\/div><\/div><\/div><\/div>\n\n<div class=\"related-post-block mb120 mt120\"><div class=\"container\"><div class=\"content\"><div class=\"related-post-block-wrap\"><div class=\"related-post-block__title mb120 max1050\"><h3>Das k\u00f6nnte Sie auch noch interessieren<\/h3><\/div><div class=\"related-post-block__list\"><div class=\"card-element useful-information-card \"><a href=\"https:\/\/www.augenaerzte-wetzikon.ch\/augenarzt\/wissenswertes\/was-tieraugen-koennen-und-was-unser-auge-besonders-macht\/\" class=\"wrapper-link\"><div class=\"card-element-wrap useful-information-card-wrap\"><div class=\"card-element-wrap__image useful-information-card-wrap__image\"><img loading=\"lazy\" decoding=\"async\" width=\"930\" height=\"620\" src=\"https:\/\/www.augenaerzte-wetzikon.ch\/augenarzt\/app\/uploads\/2026\/05\/Tieraugen_Titelbild-scaled-e1779378843736.webp\" class=\"img__card-element wp-post-image\" alt=\"\" \/><\/div><div class=\"card-element-wrap__content useful-information-card-wrap__content\"><div class=\"card-element-wrap__inner useful-information-card-wrap__inner\"><h5 class=\"card-element-wrap__content-title useful-information-card-wrap__content-title semiBold\">Was Tieraugen k\u00f6nnen \u2013 und was unser Auge besonders macht<\/h5><p class=\"useful-information-card-wrap__content-excerpt mt8\">Warum sehen Hunde anders als Menschen? Weshalb leuchten Katzenaugen im Dunkeln? Entdecken Sie spannende Fakten \u00fcber Tieraugen und das menschliche Sehen.\r\n<\/p><div class=\"button-wrap mt16\"><span class=\"button fill icon arrow\">Zum Artikel<\/span><\/div><\/div><\/div><\/div><\/a><\/div><div class=\"card-element useful-information-card \"><a href=\"https:\/\/www.augenaerzte-wetzikon.ch\/augenarzt\/bildschirmarbeit-so-schonen-sie-ihre-augen\/\" class=\"wrapper-link\"><div class=\"card-element-wrap useful-information-card-wrap\"><div class=\"card-element-wrap__image useful-information-card-wrap__image\"><img loading=\"lazy\" decoding=\"async\" width=\"730\" height=\"410\" src=\"https:\/\/www.augenaerzte-wetzikon.ch\/augenarzt\/app\/uploads\/2026\/04\/frau-muede-augen-bildschirm.webp\" class=\"img__card-element wp-post-image\" alt=\"\" srcset=\"https:\/\/www.augenaerzte-wetzikon.ch\/augenarzt\/app\/uploads\/2026\/04\/frau-muede-augen-bildschirm.webp 730w, https:\/\/www.augenaerzte-wetzikon.ch\/augenarzt\/app\/uploads\/2026\/04\/frau-muede-augen-bildschirm-300x168.webp 300w\" sizes=\"auto, (max-width: 730px) 100vw, 730px\" \/><\/div><div class=\"card-element-wrap__content useful-information-card-wrap__content\"><div class=\"card-element-wrap__inner useful-information-card-wrap__inner\"><h5 class=\"card-element-wrap__content-title useful-information-card-wrap__content-title semiBold\">Bildschirmarbeit: So schonen Sie Ihre Augen<\/h5><p class=\"useful-information-card-wrap__content-excerpt mt8\">In diesem Artikel erfahren Sie, wie Sie Beschwerden im Zusammenhang mit ihren Augen und der Bildschirmarbeit vorbeugen k\u00f6nnen. <\/p><div class=\"button-wrap mt16\"><span class=\"button fill icon arrow\">Zum Artikel<\/span><\/div><\/div><\/div><\/div><\/a><\/div><div class=\"card-element useful-information-card \"><a href=\"https:\/\/www.augenaerzte-wetzikon.ch\/augenarzt\/lidrandhygiene\/\" class=\"wrapper-link\"><div class=\"card-element-wrap useful-information-card-wrap\"><div class=\"card-element-wrap__image useful-information-card-wrap__image\"><img loading=\"lazy\" decoding=\"async\" width=\"730\" height=\"410\" src=\"https:\/\/www.augenaerzte-wetzikon.ch\/augenarzt\/app\/uploads\/2026\/02\/nah_auge.jpg\" class=\"img__card-element wp-post-image\" alt=\"\" srcset=\"https:\/\/www.augenaerzte-wetzikon.ch\/augenarzt\/app\/uploads\/2026\/02\/nah_auge.jpg 730w, https:\/\/www.augenaerzte-wetzikon.ch\/augenarzt\/app\/uploads\/2026\/02\/nah_auge-300x168.jpg 300w\" sizes=\"auto, (max-width: 730px) 100vw, 730px\" \/><\/div><div class=\"card-element-wrap__content useful-information-card-wrap__content\"><div class=\"card-element-wrap__inner useful-information-card-wrap__inner\"><h5 class=\"card-element-wrap__content-title useful-information-card-wrap__content-title semiBold\">Unbeschwerte Lider durch Lidrandhygiene<\/h5><p class=\"useful-information-card-wrap__content-excerpt mt8\">Bei der Lidrandpflege werden mit W\u00e4rme, Massage der Augenlider und der anschliessenden Reinigung verstopfte Lidranddr\u00fcsen gereinigt.<\/p><div class=\"button-wrap mt16\"><span class=\"button fill icon arrow\">Zum Artikel<\/span><\/div><\/div><\/div><\/div><\/a><\/div><\/div><\/div><\/div><\/div><\/div>","protected":false},"featured_media":7048,"menu_order":0,"template":"","category_useful_information":[50],"class_list":["post-8017","useful-information","type-useful-information","status-publish","has-post-thumbnail","hentry","category_useful_information-augenerkrankungen"],"acf":{"sidebar_excerpt":"Als Augenlid \u2013 oder auch Palpebra \u2013 bezeichnet man jene Hautfalte, die zum Schutz des Auges vor \u00e4usseren Einfl\u00fcssen beitr\u00e4gt, indem sie die Augen\u00f6ffnung verschliesst. Um eine bestm\u00f6glich Abdichtung zu erreichen, besitzt der Mensch zwei Augenlider: Ein oberes und ein unteres Augenlid."},"yoast_head":"<!-- This site is optimized with the Yoast SEO plugin v27.9 - https:\/\/yoast.com\/product\/yoast-seo-wordpress\/ -->\n<title>Augenlid-Erkrankungen - Augenarzt Wetzikon<\/title>\n<meta name=\"robots\" content=\"index, follow, max-snippet:-1, max-image-preview:large, max-video-preview:-1\" \/>\n<link rel=\"canonical\" href=\"https:\/\/www.augenaerzte-wetzikon.ch\/augenarzt\/augenlid-erkrankungen\/\" \/>\n<meta property=\"og:locale\" content=\"de_DE\" \/>\n<meta property=\"og:type\" content=\"article\" \/>\n<meta property=\"og:title\" content=\"Augenlid-Erkrankungen - Augenarzt Wetzikon\" \/>\n<meta property=\"og:url\" content=\"https:\/\/www.augenaerzte-wetzikon.ch\/augenarzt\/augenlid-erkrankungen\/\" \/>\n<meta property=\"og:site_name\" content=\"Augen\u00e4rzte Wetzikon\" \/>\n<meta property=\"article:modified_time\" content=\"2022-08-25T17:14:16+00:00\" \/>\n<meta property=\"og:image\" content=\"https:\/\/www.augenaerzte-wetzikon.ch\/augenarzt\/app\/uploads\/2022\/08\/lid-entzu\u0308ndung.jpg\" \/>\n\t<meta property=\"og:image:width\" content=\"730\" \/>\n\t<meta property=\"og:image:height\" content=\"410\" \/>\n\t<meta property=\"og:image:type\" content=\"image\/jpeg\" \/>\n<meta name=\"twitter:card\" content=\"summary_large_image\" \/>\n<script type=\"application\/ld+json\" class=\"yoast-schema-graph\">{\"@context\":\"https:\\\/\\\/schema.org\",\"@graph\":[{\"@type\":\"WebPage\",\"@id\":\"https:\\\/\\\/www.augenaerzte-wetzikon.ch\\\/augenarzt\\\/augenlid-erkrankungen\\\/\",\"url\":\"https:\\\/\\\/www.augenaerzte-wetzikon.ch\\\/augenarzt\\\/augenlid-erkrankungen\\\/\",\"name\":\"Augenlid-Erkrankungen - Augenarzt Wetzikon\",\"isPartOf\":{\"@id\":\"https:\\\/\\\/www.augenaerzte-wetzikon.ch\\\/augenarzt\\\/#website\"},\"primaryImageOfPage\":{\"@id\":\"https:\\\/\\\/www.augenaerzte-wetzikon.ch\\\/augenarzt\\\/augenlid-erkrankungen\\\/#primaryimage\"},\"image\":{\"@id\":\"https:\\\/\\\/www.augenaerzte-wetzikon.ch\\\/augenarzt\\\/augenlid-erkrankungen\\\/#primaryimage\"},\"thumbnailUrl\":\"https:\\\/\\\/www.augenaerzte-wetzikon.ch\\\/augenarzt\\\/app\\\/uploads\\\/2022\\\/08\\\/lid-entzu\u0308ndung.jpg\",\"datePublished\":\"2022-08-20T16:54:31+00:00\",\"dateModified\":\"2022-08-25T17:14:16+00:00\",\"breadcrumb\":{\"@id\":\"https:\\\/\\\/www.augenaerzte-wetzikon.ch\\\/augenarzt\\\/augenlid-erkrankungen\\\/#breadcrumb\"},\"inLanguage\":\"de-DE\",\"potentialAction\":[{\"@type\":\"ReadAction\",\"target\":[\"https:\\\/\\\/www.augenaerzte-wetzikon.ch\\\/augenarzt\\\/augenlid-erkrankungen\\\/\"]}]},{\"@type\":\"ImageObject\",\"inLanguage\":\"de-DE\",\"@id\":\"https:\\\/\\\/www.augenaerzte-wetzikon.ch\\\/augenarzt\\\/augenlid-erkrankungen\\\/#primaryimage\",\"url\":\"https:\\\/\\\/www.augenaerzte-wetzikon.ch\\\/augenarzt\\\/app\\\/uploads\\\/2022\\\/08\\\/lid-entzu\u0308ndung.jpg\",\"contentUrl\":\"https:\\\/\\\/www.augenaerzte-wetzikon.ch\\\/augenarzt\\\/app\\\/uploads\\\/2022\\\/08\\\/lid-entzu\u0308ndung.jpg\",\"width\":730,\"height\":410},{\"@type\":\"BreadcrumbList\",\"@id\":\"https:\\\/\\\/www.augenaerzte-wetzikon.ch\\\/augenarzt\\\/augenlid-erkrankungen\\\/#breadcrumb\",\"itemListElement\":[{\"@type\":\"ListItem\",\"position\":1,\"name\":\"Home\",\"item\":\"https:\\\/\\\/www.augenaerzte-wetzikon.ch\\\/augenarzt\\\/\"},{\"@type\":\"ListItem\",\"position\":2,\"name\":\"Augenlid-Erkrankungen\"}]},{\"@type\":\"WebSite\",\"@id\":\"https:\\\/\\\/www.augenaerzte-wetzikon.ch\\\/augenarzt\\\/#website\",\"url\":\"https:\\\/\\\/www.augenaerzte-wetzikon.ch\\\/augenarzt\\\/\",\"name\":\"Augen\u00e4rzte Wetzikon\",\"description\":\"\",\"publisher\":{\"@id\":\"https:\\\/\\\/www.augenaerzte-wetzikon.ch\\\/augenarzt\\\/#organization\"},\"potentialAction\":[{\"@type\":\"SearchAction\",\"target\":{\"@type\":\"EntryPoint\",\"urlTemplate\":\"https:\\\/\\\/www.augenaerzte-wetzikon.ch\\\/augenarzt\\\/?s={search_term_string}\"},\"query-input\":{\"@type\":\"PropertyValueSpecification\",\"valueRequired\":true,\"valueName\":\"search_term_string\"}}],\"inLanguage\":\"de-DE\"},{\"@type\":\"Organization\",\"@id\":\"https:\\\/\\\/www.augenaerzte-wetzikon.ch\\\/augenarzt\\\/#organization\",\"name\":\"Augen\u00e4rzte Wetzikon Zentrum Leue\",\"url\":\"https:\\\/\\\/www.augenaerzte-wetzikon.ch\\\/augenarzt\\\/\",\"logo\":{\"@type\":\"ImageObject\",\"inLanguage\":\"de-DE\",\"@id\":\"https:\\\/\\\/www.augenaerzte-wetzikon.ch\\\/augenarzt\\\/#\\\/schema\\\/logo\\\/image\\\/\",\"url\":\"https:\\\/\\\/www.augenaerzte-wetzikon.ch\\\/augenarzt\\\/app\\\/uploads\\\/2022\\\/08\\\/Wetzikon-Leue-pos_RGB.svg\",\"contentUrl\":\"https:\\\/\\\/www.augenaerzte-wetzikon.ch\\\/augenarzt\\\/app\\\/uploads\\\/2022\\\/08\\\/Wetzikon-Leue-pos_RGB.svg\",\"caption\":\"Augen\u00e4rzte Wetzikon Zentrum Leue\"},\"image\":{\"@id\":\"https:\\\/\\\/www.augenaerzte-wetzikon.ch\\\/augenarzt\\\/#\\\/schema\\\/logo\\\/image\\\/\"}}]}<\/script>\n<!-- \/ Yoast SEO plugin. -->","yoast_head_json":{"title":"Augenlid-Erkrankungen - Augenarzt Wetzikon","robots":{"index":"index","follow":"follow","max-snippet":"max-snippet:-1","max-image-preview":"max-image-preview:large","max-video-preview":"max-video-preview:-1"},"canonical":"https:\/\/www.augenaerzte-wetzikon.ch\/augenarzt\/augenlid-erkrankungen\/","og_locale":"de_DE","og_type":"article","og_title":"Augenlid-Erkrankungen - Augenarzt Wetzikon","og_url":"https:\/\/www.augenaerzte-wetzikon.ch\/augenarzt\/augenlid-erkrankungen\/","og_site_name":"Augen\u00e4rzte Wetzikon","article_modified_time":"2022-08-25T17:14:16+00:00","og_image":[{"width":730,"height":410,"url":"https:\/\/www.augenaerzte-wetzikon.ch\/augenarzt\/app\/uploads\/2022\/08\/lid-entzu\u0308ndung.jpg","type":"image\/jpeg"}],"twitter_card":"summary_large_image","schema":{"@context":"https:\/\/schema.org","@graph":[{"@type":"WebPage","@id":"https:\/\/www.augenaerzte-wetzikon.ch\/augenarzt\/augenlid-erkrankungen\/","url":"https:\/\/www.augenaerzte-wetzikon.ch\/augenarzt\/augenlid-erkrankungen\/","name":"Augenlid-Erkrankungen - Augenarzt Wetzikon","isPartOf":{"@id":"https:\/\/www.augenaerzte-wetzikon.ch\/augenarzt\/#website"},"primaryImageOfPage":{"@id":"https:\/\/www.augenaerzte-wetzikon.ch\/augenarzt\/augenlid-erkrankungen\/#primaryimage"},"image":{"@id":"https:\/\/www.augenaerzte-wetzikon.ch\/augenarzt\/augenlid-erkrankungen\/#primaryimage"},"thumbnailUrl":"https:\/\/www.augenaerzte-wetzikon.ch\/augenarzt\/app\/uploads\/2022\/08\/lid-entzu\u0308ndung.jpg","datePublished":"2022-08-20T16:54:31+00:00","dateModified":"2022-08-25T17:14:16+00:00","breadcrumb":{"@id":"https:\/\/www.augenaerzte-wetzikon.ch\/augenarzt\/augenlid-erkrankungen\/#breadcrumb"},"inLanguage":"de-DE","potentialAction":[{"@type":"ReadAction","target":["https:\/\/www.augenaerzte-wetzikon.ch\/augenarzt\/augenlid-erkrankungen\/"]}]},{"@type":"ImageObject","inLanguage":"de-DE","@id":"https:\/\/www.augenaerzte-wetzikon.ch\/augenarzt\/augenlid-erkrankungen\/#primaryimage","url":"https:\/\/www.augenaerzte-wetzikon.ch\/augenarzt\/app\/uploads\/2022\/08\/lid-entzu\u0308ndung.jpg","contentUrl":"https:\/\/www.augenaerzte-wetzikon.ch\/augenarzt\/app\/uploads\/2022\/08\/lid-entzu\u0308ndung.jpg","width":730,"height":410},{"@type":"BreadcrumbList","@id":"https:\/\/www.augenaerzte-wetzikon.ch\/augenarzt\/augenlid-erkrankungen\/#breadcrumb","itemListElement":[{"@type":"ListItem","position":1,"name":"Home","item":"https:\/\/www.augenaerzte-wetzikon.ch\/augenarzt\/"},{"@type":"ListItem","position":2,"name":"Augenlid-Erkrankungen"}]},{"@type":"WebSite","@id":"https:\/\/www.augenaerzte-wetzikon.ch\/augenarzt\/#website","url":"https:\/\/www.augenaerzte-wetzikon.ch\/augenarzt\/","name":"Augen\u00e4rzte Wetzikon","description":"","publisher":{"@id":"https:\/\/www.augenaerzte-wetzikon.ch\/augenarzt\/#organization"},"potentialAction":[{"@type":"SearchAction","target":{"@type":"EntryPoint","urlTemplate":"https:\/\/www.augenaerzte-wetzikon.ch\/augenarzt\/?s={search_term_string}"},"query-input":{"@type":"PropertyValueSpecification","valueRequired":true,"valueName":"search_term_string"}}],"inLanguage":"de-DE"},{"@type":"Organization","@id":"https:\/\/www.augenaerzte-wetzikon.ch\/augenarzt\/#organization","name":"Augen\u00e4rzte Wetzikon Zentrum Leue","url":"https:\/\/www.augenaerzte-wetzikon.ch\/augenarzt\/","logo":{"@type":"ImageObject","inLanguage":"de-DE","@id":"https:\/\/www.augenaerzte-wetzikon.ch\/augenarzt\/#\/schema\/logo\/image\/","url":"https:\/\/www.augenaerzte-wetzikon.ch\/augenarzt\/app\/uploads\/2022\/08\/Wetzikon-Leue-pos_RGB.svg","contentUrl":"https:\/\/www.augenaerzte-wetzikon.ch\/augenarzt\/app\/uploads\/2022\/08\/Wetzikon-Leue-pos_RGB.svg","caption":"Augen\u00e4rzte Wetzikon Zentrum Leue"},"image":{"@id":"https:\/\/www.augenaerzte-wetzikon.ch\/augenarzt\/#\/schema\/logo\/image\/"}}]}},"_links":{"self":[{"href":"https:\/\/www.augenaerzte-wetzikon.ch\/augenarzt\/wp-json\/wp\/v2\/useful-information\/8017","targetHints":{"allow":["GET"]}}],"collection":[{"href":"https:\/\/www.augenaerzte-wetzikon.ch\/augenarzt\/wp-json\/wp\/v2\/useful-information"}],"about":[{"href":"https:\/\/www.augenaerzte-wetzikon.ch\/augenarzt\/wp-json\/wp\/v2\/types\/useful-information"}],"version-history":[{"count":3,"href":"https:\/\/www.augenaerzte-wetzikon.ch\/augenarzt\/wp-json\/wp\/v2\/useful-information\/8017\/revisions"}],"predecessor-version":[{"id":8020,"href":"https:\/\/www.augenaerzte-wetzikon.ch\/augenarzt\/wp-json\/wp\/v2\/useful-information\/8017\/revisions\/8020"}],"wp:featuredmedia":[{"embeddable":true,"href":"https:\/\/www.augenaerzte-wetzikon.ch\/augenarzt\/wp-json\/wp\/v2\/media\/7048"}],"wp:attachment":[{"href":"https:\/\/www.augenaerzte-wetzikon.ch\/augenarzt\/wp-json\/wp\/v2\/media?parent=8017"}],"wp:term":[{"taxonomy":"category_useful_information","embeddable":true,"href":"https:\/\/www.augenaerzte-wetzikon.ch\/augenarzt\/wp-json\/wp\/v2\/category_useful_information?post=8017"}],"curies":[{"name":"wp","href":"https:\/\/api.w.org\/{rel}","templated":true}]}}