{"id":8013,"date":"2022-08-25T16:51:08","date_gmt":"2022-08-25T16:51:08","guid":{"rendered":"https:\/\/www.augenaerzte-wetzikon.ch\/augenarzt\/?post_type=useful-information&#038;p=8013"},"modified":"2022-08-25T17:03:35","modified_gmt":"2022-08-25T17:03:35","slug":"sehnerv-erkrankungen","status":"publish","type":"useful-information","link":"https:\/\/www.augenaerzte-wetzikon.ch\/augenarzt\/sehnerv-erkrankungen\/","title":{"rendered":"Sehnerv-Erkrankungen"},"content":{"rendered":"<div itemscope itemtype=\"http:\/\/schema.org\/Article\" class=\"header-small-block container1200 mb120 mt120\"><div class=\"container\" > <div class=\"content\" > <div class=\"header-small-block-wrap\" > <div class=\"header-small-block__content\" > <h1 itemprop=\"name\" class=\"header-small-block__name semiBold h3\" > <span class=\"header-small-block__title h3\" > <\/span><br>Sehnerv-Erkrankungen<\/h1 > <p class=\"header-small-block__subtitle mt16\" > <\/p > <\/div > <div class=\"header-small-block__image\" > <img loading=\"lazy\" decoding=\"async\" width=\"730\" height=\"410\" src=\"https:\/\/www.augenaerzte-wetzikon.ch\/augenarzt\/app\/uploads\/2022\/08\/a\u0308ltere_frau_in-ferne-schauend.jpg\" class=\"img__small__header\" alt=\"\" srcset=\"https:\/\/www.augenaerzte-wetzikon.ch\/augenarzt\/app\/uploads\/2022\/08\/a\u0308ltere_frau_in-ferne-schauend.jpg 730w, https:\/\/www.augenaerzte-wetzikon.ch\/augenarzt\/app\/uploads\/2022\/08\/a\u0308ltere_frau_in-ferne-schauend-300x168.jpg 300w\" sizes=\"auto, (max-width: 730px) 100vw, 730px\" \/><\/div > <\/div > <\/div > <\/div > <\/div > \n\n<div class=\"title-content-block container1364 mb120 mt48\"><div class=\"container\"><div class=\"content\"><div class=\"mt24 mb24 max830 preloaded__content fade\"><h2>Was sind Sehnerv-Erkrankungen?<\/h2>\n<\/div><div class=\"mt24 mb24 max830 preloaded__content fade\"><p>Der Sehnerv ist der Nerv, welcher Informationen vom Auge zum Gehirn weiterleitet. Verschiedene Ursachen k\u00f6nnen zu dessen Erkrankung f\u00fchren. Diese haben gemeinsam, dass sie die Blutversorgung des Sehnervs unterbrechen, ihn entz\u00fcnden oder Druck auf den Nerv aus\u00fcben. Dadurch kommt es zu einer St\u00f6rung der Informationsweiterleitung zum Gehirn, was wiederum die Sehkraft beeinflusst. Solche Erkrankungen sind meist schmerzfrei, doch die Sehverschlechterung macht sich bereits fr\u00fch bemerkbar. Unbehandelt k\u00f6nnen die Erkrankungen zur Erblindung f\u00fchren.<\/p>\n<\/div><div class=\"mt24 mb24 max830 preloaded__content fade\"><h2>Stauungspapille<\/h2>\n<\/div><div class=\"mt24 mb24 max830 preloaded__content fade\"><p>Die am weitesten verbreitete Erkrankung des Sehnervs ist die Stauungspapille. Sie ist definiert durch die Bildung eines \u00d6dems und kommt meistens in beiden Augen vor. Die Stauungspapille entsteht durch einen erh\u00f6hten Hirndruck, welcher nicht selten aufgrund eines Tumors entsteht. Im Anfangsstadium ist die Sehkraft noch unver\u00e4ndert. Der Papillenrand ist jedoch unscharf und die Papille selber ist verst\u00e4rkt durchblutet. In der akuten Phase kommt es zu einem Anschwellen der Papille. Der Papillenrand f\u00e4rbt sich rot und es kommt zu weissen Ablagerungen. Manchmal blutet der Papillenrand strahlenf\u00f6rmig. Ist die Krankheit chronisch, nimmt die Schwellung nochmals zu bis zum letzten Stadium, bei welchem die Sehnervenfasern absterben und die Sehkraft somit abnimmt.<\/p>\n<\/div><div class=\"mt24 mb24 max830 preloaded__content fade\"><h2>Entz\u00fcndungen des Sehnervs<\/h2>\n<\/div><div class=\"mt24 mb24 max830 preloaded__content fade\"><p>Wenn die Augen oder Nasenh\u00f6hlen entz\u00fcndet sind, kann sich die Infektion zum Sehnerv ausbreiten. Ebenfalls k\u00f6nnen Autoimmunkrankheiten und Vergiftungen Ausl\u00f6ser f\u00fcr die Infektion sein. Die Symptome einer Sehnerv-Entz\u00fcndung machen sich schnell bemerkbar durch die rasche Verschlechterung der Sehkraft und Augenschmerzen.<\/p>\n<\/div><div class=\"mt24 mb24 max830 preloaded__content fade\"><h2>Anteriore isch\u00e4mische Optikoneuropathie<\/h2>\n<\/div><div class=\"mt24 mb24 max830 preloaded__content fade\"><p>Hierbei ist der Ausl\u00f6ser der Erkrankung eine Durchblutungsst\u00f6rung einer Arterie, die den Sehnervenkopf (Papille) mit Blut versorgt. Ursachen einer anterioren isch\u00e4mischen Optikoneuropathie sind unter anderem Infarkte der Papillen und Ablagerungen in den Arterien des Sehnervs, welche diesen verstopfen. H\u00e4ufig sind Personen betroffen, die an einem erh\u00f6hten Blutdruck, Diabetes oder einer Fettstoffwechselst\u00f6rung leiden. Die Symptome sind meistens starke Kopfschmerzen.<\/p>\n<\/div><div class=\"mt24 mb24 max830 preloaded__content fade\"><h2>Gr\u00fcner Star (Glaukom)<\/h2>\n<\/div><div class=\"mt24 mb24 max830 preloaded__content fade\"><p>Ein Gr\u00fcner Star entsteht meistens durch einen abnormal erh\u00f6hten Augeninnendruck, was sch\u00e4digend auf den Sehnerv wirkt. Das Glaukom verl\u00e4uft in der Regel chronisch und die Abnahme der Sehkraft wird erst sp\u00e4t bemerkbar.<\/p>\n<\/div><div class=\"mt24 mb24 max830 preloaded__content fade\"><h2>Weitere Ursachen von Sehnerv-Erkrankungen<\/h2>\n<\/div><div class=\"mt24 mb24 max830\"><ul><li class=\"mb24\"><p>Genetisch vererbbare Krankheiten k\u00f6nnen den Sehnerv sch\u00e4digen. Dabei verliert dieser dauerhaft an Substanz. In anderen F\u00e4llen kann es vorkommen, dass sich in der Embryonalentwicklung der Sehnerv gar nicht erst richtig ausbildet<\/p><\/li><li class=\"mb24\"><p>Gifte wie Arsen, Blei und Thallium k\u00f6nnen den Sehnerv verk\u00fcmmern lassen. Ebenfalls kann eine Chemotherapie ihn beeinflussen<\/p><\/li><li class=\"mb24\"><p>Verletzungen des Sehnervs durch Schl\u00e4ge oder Unf\u00e4lle k\u00f6nnen ihn dauerhaft sch\u00e4digen<\/p><\/li><\/ul><\/div><div class=\"mt24 mb24 max830 preloaded__content fade\"><h2>Fazit<\/h2>\n<\/div><div class=\"mt24 mb24 max830 preloaded__content fade\"><p>Der Sehnerv ist f\u00fcr die Sehkraft unabdingbar, doch gewisse Erkrankungen k\u00f6nnen diesem irreversible Sch\u00e4den anf\u00fcgen. Die Untersuchung des Augenhintergrundes l\u00e4sst krankhafte Ver\u00e4nderungen fr\u00fch erkennen und behandeln. Melden Sie sich bei uns im Augen\u00e4rzte Zentrum Wetzikon!<\/p>\n<\/div><\/div><\/div><\/div>\n\n<div class=\"related-post-block mb120 mt120\"><div class=\"container\"><div class=\"content\"><div class=\"related-post-block-wrap\"><div class=\"related-post-block__title mb120 max1050\"><h3>Das k\u00f6nnte Sie auch noch interessieren<\/h3><\/div><div class=\"related-post-block__list\"><div class=\"card-element useful-information-card \"><a href=\"https:\/\/www.augenaerzte-wetzikon.ch\/augenarzt\/wissenswertes\/was-tieraugen-koennen-und-was-unser-auge-besonders-macht\/\" class=\"wrapper-link\"><div class=\"card-element-wrap useful-information-card-wrap\"><div class=\"card-element-wrap__image useful-information-card-wrap__image\"><img loading=\"lazy\" decoding=\"async\" width=\"930\" height=\"620\" src=\"https:\/\/www.augenaerzte-wetzikon.ch\/augenarzt\/app\/uploads\/2026\/05\/Tieraugen_Titelbild-scaled-e1779378843736.webp\" class=\"img__card-element wp-post-image\" alt=\"\" \/><\/div><div class=\"card-element-wrap__content useful-information-card-wrap__content\"><div class=\"card-element-wrap__inner useful-information-card-wrap__inner\"><h5 class=\"card-element-wrap__content-title useful-information-card-wrap__content-title semiBold\">Was Tieraugen k\u00f6nnen \u2013 und was unser Auge besonders macht<\/h5><p class=\"useful-information-card-wrap__content-excerpt mt8\">Warum sehen Hunde anders als Menschen? Weshalb leuchten Katzenaugen im Dunkeln? Entdecken Sie spannende Fakten \u00fcber Tieraugen und das menschliche Sehen.\r\n<\/p><div class=\"button-wrap mt16\"><span class=\"button fill icon arrow\">Zum Artikel<\/span><\/div><\/div><\/div><\/div><\/a><\/div><div class=\"card-element useful-information-card \"><a href=\"https:\/\/www.augenaerzte-wetzikon.ch\/augenarzt\/bildschirmarbeit-so-schonen-sie-ihre-augen\/\" class=\"wrapper-link\"><div class=\"card-element-wrap useful-information-card-wrap\"><div class=\"card-element-wrap__image useful-information-card-wrap__image\"><img loading=\"lazy\" decoding=\"async\" width=\"730\" height=\"410\" src=\"https:\/\/www.augenaerzte-wetzikon.ch\/augenarzt\/app\/uploads\/2026\/04\/frau-muede-augen-bildschirm.webp\" class=\"img__card-element wp-post-image\" alt=\"\" srcset=\"https:\/\/www.augenaerzte-wetzikon.ch\/augenarzt\/app\/uploads\/2026\/04\/frau-muede-augen-bildschirm.webp 730w, https:\/\/www.augenaerzte-wetzikon.ch\/augenarzt\/app\/uploads\/2026\/04\/frau-muede-augen-bildschirm-300x168.webp 300w\" sizes=\"auto, (max-width: 730px) 100vw, 730px\" \/><\/div><div class=\"card-element-wrap__content useful-information-card-wrap__content\"><div class=\"card-element-wrap__inner useful-information-card-wrap__inner\"><h5 class=\"card-element-wrap__content-title useful-information-card-wrap__content-title semiBold\">Bildschirmarbeit: So schonen Sie Ihre Augen<\/h5><p class=\"useful-information-card-wrap__content-excerpt mt8\">In diesem Artikel erfahren Sie, wie Sie Beschwerden im Zusammenhang mit ihren Augen und der Bildschirmarbeit vorbeugen k\u00f6nnen. <\/p><div class=\"button-wrap mt16\"><span class=\"button fill icon arrow\">Zum Artikel<\/span><\/div><\/div><\/div><\/div><\/a><\/div><div class=\"card-element useful-information-card \"><a href=\"https:\/\/www.augenaerzte-wetzikon.ch\/augenarzt\/lidrandhygiene\/\" class=\"wrapper-link\"><div class=\"card-element-wrap useful-information-card-wrap\"><div class=\"card-element-wrap__image useful-information-card-wrap__image\"><img loading=\"lazy\" decoding=\"async\" width=\"730\" height=\"410\" src=\"https:\/\/www.augenaerzte-wetzikon.ch\/augenarzt\/app\/uploads\/2026\/02\/nah_auge.jpg\" class=\"img__card-element wp-post-image\" alt=\"\" srcset=\"https:\/\/www.augenaerzte-wetzikon.ch\/augenarzt\/app\/uploads\/2026\/02\/nah_auge.jpg 730w, https:\/\/www.augenaerzte-wetzikon.ch\/augenarzt\/app\/uploads\/2026\/02\/nah_auge-300x168.jpg 300w\" sizes=\"auto, (max-width: 730px) 100vw, 730px\" \/><\/div><div class=\"card-element-wrap__content useful-information-card-wrap__content\"><div class=\"card-element-wrap__inner useful-information-card-wrap__inner\"><h5 class=\"card-element-wrap__content-title useful-information-card-wrap__content-title semiBold\">Unbeschwerte Lider durch Lidrandhygiene<\/h5><p class=\"useful-information-card-wrap__content-excerpt mt8\">Bei der Lidrandpflege werden mit W\u00e4rme, Massage der Augenlider und der anschliessenden Reinigung verstopfte Lidranddr\u00fcsen gereinigt.<\/p><div class=\"button-wrap mt16\"><span class=\"button fill icon arrow\">Zum Artikel<\/span><\/div><\/div><\/div><\/div><\/a><\/div><\/div><\/div><\/div><\/div><\/div>","protected":false},"featured_media":7068,"menu_order":0,"template":"","category_useful_information":[51],"class_list":["post-8013","useful-information","type-useful-information","status-publish","has-post-thumbnail","hentry","category_useful_information-gruener-star"],"acf":{"sidebar_excerpt":"Der Sehnerv ist der Nerv, welcher Informationen vom Auge zum Gehirn weiterleitet. Verschiedene Ursachen k\u00f6nnen zu dessen Erkrankung f\u00fchren. Diese haben gemeinsam, dass sie die Blutversorgung des Sehnervs unterbrechen, ihn entz\u00fcnden oder Druck auf den Nerv aus\u00fcben."},"yoast_head":"<!-- This site is optimized with the Yoast SEO plugin v27.9 - https:\/\/yoast.com\/product\/yoast-seo-wordpress\/ -->\n<title>Sehnerv-Erkrankungen - Augenarzt Wetzikon<\/title>\n<meta name=\"robots\" content=\"index, follow, max-snippet:-1, max-image-preview:large, max-video-preview:-1\" \/>\n<link rel=\"canonical\" href=\"https:\/\/www.augenaerzte-wetzikon.ch\/augenarzt\/sehnerv-erkrankungen\/\" \/>\n<meta property=\"og:locale\" content=\"de_DE\" \/>\n<meta property=\"og:type\" content=\"article\" \/>\n<meta property=\"og:title\" content=\"Sehnerv-Erkrankungen - Augenarzt Wetzikon\" \/>\n<meta property=\"og:url\" content=\"https:\/\/www.augenaerzte-wetzikon.ch\/augenarzt\/sehnerv-erkrankungen\/\" \/>\n<meta property=\"og:site_name\" content=\"Augen\u00e4rzte Wetzikon\" \/>\n<meta property=\"article:modified_time\" content=\"2022-08-25T17:03:35+00:00\" \/>\n<meta property=\"og:image\" content=\"https:\/\/www.augenaerzte-wetzikon.ch\/augenarzt\/app\/uploads\/2022\/08\/a\u0308ltere_frau_in-ferne-schauend.jpg\" \/>\n\t<meta property=\"og:image:width\" content=\"730\" \/>\n\t<meta property=\"og:image:height\" content=\"410\" \/>\n\t<meta property=\"og:image:type\" content=\"image\/jpeg\" \/>\n<meta name=\"twitter:card\" content=\"summary_large_image\" \/>\n<script type=\"application\/ld+json\" class=\"yoast-schema-graph\">{\"@context\":\"https:\\\/\\\/schema.org\",\"@graph\":[{\"@type\":\"WebPage\",\"@id\":\"https:\\\/\\\/www.augenaerzte-wetzikon.ch\\\/augenarzt\\\/sehnerv-erkrankungen\\\/\",\"url\":\"https:\\\/\\\/www.augenaerzte-wetzikon.ch\\\/augenarzt\\\/sehnerv-erkrankungen\\\/\",\"name\":\"Sehnerv-Erkrankungen - Augenarzt Wetzikon\",\"isPartOf\":{\"@id\":\"https:\\\/\\\/www.augenaerzte-wetzikon.ch\\\/augenarzt\\\/#website\"},\"primaryImageOfPage\":{\"@id\":\"https:\\\/\\\/www.augenaerzte-wetzikon.ch\\\/augenarzt\\\/sehnerv-erkrankungen\\\/#primaryimage\"},\"image\":{\"@id\":\"https:\\\/\\\/www.augenaerzte-wetzikon.ch\\\/augenarzt\\\/sehnerv-erkrankungen\\\/#primaryimage\"},\"thumbnailUrl\":\"https:\\\/\\\/www.augenaerzte-wetzikon.ch\\\/augenarzt\\\/app\\\/uploads\\\/2022\\\/08\\\/a\u0308ltere_frau_in-ferne-schauend.jpg\",\"datePublished\":\"2022-08-25T16:51:08+00:00\",\"dateModified\":\"2022-08-25T17:03:35+00:00\",\"breadcrumb\":{\"@id\":\"https:\\\/\\\/www.augenaerzte-wetzikon.ch\\\/augenarzt\\\/sehnerv-erkrankungen\\\/#breadcrumb\"},\"inLanguage\":\"de-DE\",\"potentialAction\":[{\"@type\":\"ReadAction\",\"target\":[\"https:\\\/\\\/www.augenaerzte-wetzikon.ch\\\/augenarzt\\\/sehnerv-erkrankungen\\\/\"]}]},{\"@type\":\"ImageObject\",\"inLanguage\":\"de-DE\",\"@id\":\"https:\\\/\\\/www.augenaerzte-wetzikon.ch\\\/augenarzt\\\/sehnerv-erkrankungen\\\/#primaryimage\",\"url\":\"https:\\\/\\\/www.augenaerzte-wetzikon.ch\\\/augenarzt\\\/app\\\/uploads\\\/2022\\\/08\\\/a\u0308ltere_frau_in-ferne-schauend.jpg\",\"contentUrl\":\"https:\\\/\\\/www.augenaerzte-wetzikon.ch\\\/augenarzt\\\/app\\\/uploads\\\/2022\\\/08\\\/a\u0308ltere_frau_in-ferne-schauend.jpg\",\"width\":730,\"height\":410},{\"@type\":\"BreadcrumbList\",\"@id\":\"https:\\\/\\\/www.augenaerzte-wetzikon.ch\\\/augenarzt\\\/sehnerv-erkrankungen\\\/#breadcrumb\",\"itemListElement\":[{\"@type\":\"ListItem\",\"position\":1,\"name\":\"Home\",\"item\":\"https:\\\/\\\/www.augenaerzte-wetzikon.ch\\\/augenarzt\\\/\"},{\"@type\":\"ListItem\",\"position\":2,\"name\":\"Sehnerv-Erkrankungen\"}]},{\"@type\":\"WebSite\",\"@id\":\"https:\\\/\\\/www.augenaerzte-wetzikon.ch\\\/augenarzt\\\/#website\",\"url\":\"https:\\\/\\\/www.augenaerzte-wetzikon.ch\\\/augenarzt\\\/\",\"name\":\"Augen\u00e4rzte Wetzikon\",\"description\":\"\",\"publisher\":{\"@id\":\"https:\\\/\\\/www.augenaerzte-wetzikon.ch\\\/augenarzt\\\/#organization\"},\"potentialAction\":[{\"@type\":\"SearchAction\",\"target\":{\"@type\":\"EntryPoint\",\"urlTemplate\":\"https:\\\/\\\/www.augenaerzte-wetzikon.ch\\\/augenarzt\\\/?s={search_term_string}\"},\"query-input\":{\"@type\":\"PropertyValueSpecification\",\"valueRequired\":true,\"valueName\":\"search_term_string\"}}],\"inLanguage\":\"de-DE\"},{\"@type\":\"Organization\",\"@id\":\"https:\\\/\\\/www.augenaerzte-wetzikon.ch\\\/augenarzt\\\/#organization\",\"name\":\"Augen\u00e4rzte Wetzikon Zentrum Leue\",\"url\":\"https:\\\/\\\/www.augenaerzte-wetzikon.ch\\\/augenarzt\\\/\",\"logo\":{\"@type\":\"ImageObject\",\"inLanguage\":\"de-DE\",\"@id\":\"https:\\\/\\\/www.augenaerzte-wetzikon.ch\\\/augenarzt\\\/#\\\/schema\\\/logo\\\/image\\\/\",\"url\":\"https:\\\/\\\/www.augenaerzte-wetzikon.ch\\\/augenarzt\\\/app\\\/uploads\\\/2022\\\/08\\\/Wetzikon-Leue-pos_RGB.svg\",\"contentUrl\":\"https:\\\/\\\/www.augenaerzte-wetzikon.ch\\\/augenarzt\\\/app\\\/uploads\\\/2022\\\/08\\\/Wetzikon-Leue-pos_RGB.svg\",\"caption\":\"Augen\u00e4rzte Wetzikon Zentrum Leue\"},\"image\":{\"@id\":\"https:\\\/\\\/www.augenaerzte-wetzikon.ch\\\/augenarzt\\\/#\\\/schema\\\/logo\\\/image\\\/\"}}]}<\/script>\n<!-- \/ Yoast SEO plugin. -->","yoast_head_json":{"title":"Sehnerv-Erkrankungen - Augenarzt Wetzikon","robots":{"index":"index","follow":"follow","max-snippet":"max-snippet:-1","max-image-preview":"max-image-preview:large","max-video-preview":"max-video-preview:-1"},"canonical":"https:\/\/www.augenaerzte-wetzikon.ch\/augenarzt\/sehnerv-erkrankungen\/","og_locale":"de_DE","og_type":"article","og_title":"Sehnerv-Erkrankungen - Augenarzt Wetzikon","og_url":"https:\/\/www.augenaerzte-wetzikon.ch\/augenarzt\/sehnerv-erkrankungen\/","og_site_name":"Augen\u00e4rzte Wetzikon","article_modified_time":"2022-08-25T17:03:35+00:00","og_image":[{"width":730,"height":410,"url":"https:\/\/www.augenaerzte-wetzikon.ch\/augenarzt\/app\/uploads\/2022\/08\/a\u0308ltere_frau_in-ferne-schauend.jpg","type":"image\/jpeg"}],"twitter_card":"summary_large_image","schema":{"@context":"https:\/\/schema.org","@graph":[{"@type":"WebPage","@id":"https:\/\/www.augenaerzte-wetzikon.ch\/augenarzt\/sehnerv-erkrankungen\/","url":"https:\/\/www.augenaerzte-wetzikon.ch\/augenarzt\/sehnerv-erkrankungen\/","name":"Sehnerv-Erkrankungen - Augenarzt Wetzikon","isPartOf":{"@id":"https:\/\/www.augenaerzte-wetzikon.ch\/augenarzt\/#website"},"primaryImageOfPage":{"@id":"https:\/\/www.augenaerzte-wetzikon.ch\/augenarzt\/sehnerv-erkrankungen\/#primaryimage"},"image":{"@id":"https:\/\/www.augenaerzte-wetzikon.ch\/augenarzt\/sehnerv-erkrankungen\/#primaryimage"},"thumbnailUrl":"https:\/\/www.augenaerzte-wetzikon.ch\/augenarzt\/app\/uploads\/2022\/08\/a\u0308ltere_frau_in-ferne-schauend.jpg","datePublished":"2022-08-25T16:51:08+00:00","dateModified":"2022-08-25T17:03:35+00:00","breadcrumb":{"@id":"https:\/\/www.augenaerzte-wetzikon.ch\/augenarzt\/sehnerv-erkrankungen\/#breadcrumb"},"inLanguage":"de-DE","potentialAction":[{"@type":"ReadAction","target":["https:\/\/www.augenaerzte-wetzikon.ch\/augenarzt\/sehnerv-erkrankungen\/"]}]},{"@type":"ImageObject","inLanguage":"de-DE","@id":"https:\/\/www.augenaerzte-wetzikon.ch\/augenarzt\/sehnerv-erkrankungen\/#primaryimage","url":"https:\/\/www.augenaerzte-wetzikon.ch\/augenarzt\/app\/uploads\/2022\/08\/a\u0308ltere_frau_in-ferne-schauend.jpg","contentUrl":"https:\/\/www.augenaerzte-wetzikon.ch\/augenarzt\/app\/uploads\/2022\/08\/a\u0308ltere_frau_in-ferne-schauend.jpg","width":730,"height":410},{"@type":"BreadcrumbList","@id":"https:\/\/www.augenaerzte-wetzikon.ch\/augenarzt\/sehnerv-erkrankungen\/#breadcrumb","itemListElement":[{"@type":"ListItem","position":1,"name":"Home","item":"https:\/\/www.augenaerzte-wetzikon.ch\/augenarzt\/"},{"@type":"ListItem","position":2,"name":"Sehnerv-Erkrankungen"}]},{"@type":"WebSite","@id":"https:\/\/www.augenaerzte-wetzikon.ch\/augenarzt\/#website","url":"https:\/\/www.augenaerzte-wetzikon.ch\/augenarzt\/","name":"Augen\u00e4rzte Wetzikon","description":"","publisher":{"@id":"https:\/\/www.augenaerzte-wetzikon.ch\/augenarzt\/#organization"},"potentialAction":[{"@type":"SearchAction","target":{"@type":"EntryPoint","urlTemplate":"https:\/\/www.augenaerzte-wetzikon.ch\/augenarzt\/?s={search_term_string}"},"query-input":{"@type":"PropertyValueSpecification","valueRequired":true,"valueName":"search_term_string"}}],"inLanguage":"de-DE"},{"@type":"Organization","@id":"https:\/\/www.augenaerzte-wetzikon.ch\/augenarzt\/#organization","name":"Augen\u00e4rzte Wetzikon Zentrum Leue","url":"https:\/\/www.augenaerzte-wetzikon.ch\/augenarzt\/","logo":{"@type":"ImageObject","inLanguage":"de-DE","@id":"https:\/\/www.augenaerzte-wetzikon.ch\/augenarzt\/#\/schema\/logo\/image\/","url":"https:\/\/www.augenaerzte-wetzikon.ch\/augenarzt\/app\/uploads\/2022\/08\/Wetzikon-Leue-pos_RGB.svg","contentUrl":"https:\/\/www.augenaerzte-wetzikon.ch\/augenarzt\/app\/uploads\/2022\/08\/Wetzikon-Leue-pos_RGB.svg","caption":"Augen\u00e4rzte Wetzikon Zentrum Leue"},"image":{"@id":"https:\/\/www.augenaerzte-wetzikon.ch\/augenarzt\/#\/schema\/logo\/image\/"}}]}},"_links":{"self":[{"href":"https:\/\/www.augenaerzte-wetzikon.ch\/augenarzt\/wp-json\/wp\/v2\/useful-information\/8013","targetHints":{"allow":["GET"]}}],"collection":[{"href":"https:\/\/www.augenaerzte-wetzikon.ch\/augenarzt\/wp-json\/wp\/v2\/useful-information"}],"about":[{"href":"https:\/\/www.augenaerzte-wetzikon.ch\/augenarzt\/wp-json\/wp\/v2\/types\/useful-information"}],"version-history":[{"count":2,"href":"https:\/\/www.augenaerzte-wetzikon.ch\/augenarzt\/wp-json\/wp\/v2\/useful-information\/8013\/revisions"}],"predecessor-version":[{"id":8015,"href":"https:\/\/www.augenaerzte-wetzikon.ch\/augenarzt\/wp-json\/wp\/v2\/useful-information\/8013\/revisions\/8015"}],"wp:featuredmedia":[{"embeddable":true,"href":"https:\/\/www.augenaerzte-wetzikon.ch\/augenarzt\/wp-json\/wp\/v2\/media\/7068"}],"wp:attachment":[{"href":"https:\/\/www.augenaerzte-wetzikon.ch\/augenarzt\/wp-json\/wp\/v2\/media?parent=8013"}],"wp:term":[{"taxonomy":"category_useful_information","embeddable":true,"href":"https:\/\/www.augenaerzte-wetzikon.ch\/augenarzt\/wp-json\/wp\/v2\/category_useful_information?post=8013"}],"curies":[{"name":"wp","href":"https:\/\/api.w.org\/{rel}","templated":true}]}}